{"id":348,"date":"2017-11-15T09:37:02","date_gmt":"2017-11-15T08:37:02","guid":{"rendered":"http:\/\/www.escorpain.fr\/?page_id=348"},"modified":"2018-12-17T18:34:13","modified_gmt":"2018-12-17T17:34:13","slug":"repas-de-fin-dannee","status":"publish","type":"page","link":"https:\/\/www.escorpain.fr\/?page_id=348","title":{"rendered":"REPAS DE FIN D&#8217;ANNEE 2018"},"content":{"rendered":"\n<p>Merci au comit\u00e9 des f\u00eates pour avoir organis\u00e9 ce repas de fin d&#8217;ann\u00e9e.<br>Une belle pr\u00e9sentation.<br>Beaucoup de travail afin que tout soit parfait.<br>0\u00b0 dehors avec de la pluie vergla\u00e7ante&#8230; quelle bonne id\u00e9e une tartiflette (D\u00e9licieuse)<br>Il n&#8217;y avait qu&#8217;une vingtaine de personnes (dommage&#8230;).<br>On esp\u00e8re tous qu&#8217;il y aura plus d&#8217;Escorpinois l&#8217;ann\u00e9e prochaine.<\/p>\n\n\n\n<figure class=\"wp-block-image\"><img loading=\"lazy\" decoding=\"async\" width=\"768\" height=\"1024\" src=\"http:\/\/www.escorpain.fr\/wp-content\/uploads\/2018\/12\/20181215_120557-3-768x1024.jpg\" alt=\"\" class=\"wp-image-2055\" srcset=\"https:\/\/www.escorpain.fr\/wp-content\/uploads\/2018\/12\/20181215_120557-3-768x1024.jpg 768w, https:\/\/www.escorpain.fr\/wp-content\/uploads\/2018\/12\/20181215_120557-3-225x300.jpg 225w\" sizes=\"auto, (max-width: 768px) 100vw, 768px\" \/><\/figure>\n\n\n\n<figure class=\"wp-block-image\"><img loading=\"lazy\" decoding=\"async\" width=\"1024\" height=\"971\" src=\"http:\/\/www.escorpain.fr\/wp-content\/uploads\/2018\/12\/20181215_120606-1024x971.jpg\" alt=\"\" class=\"wp-image-2052\" srcset=\"https:\/\/www.escorpain.fr\/wp-content\/uploads\/2018\/12\/20181215_120606-1024x971.jpg 1024w, https:\/\/www.escorpain.fr\/wp-content\/uploads\/2018\/12\/20181215_120606-300x285.jpg 300w, https:\/\/www.escorpain.fr\/wp-content\/uploads\/2018\/12\/20181215_120606-768x728.jpg 768w\" sizes=\"auto, (max-width: 1024px) 100vw, 1024px\" \/><\/figure>\n\n\n\n<figure class=\"wp-block-image\"><img loading=\"lazy\" decoding=\"async\" width=\"1024\" height=\"768\" src=\"http:\/\/www.escorpain.fr\/wp-content\/uploads\/2018\/12\/20181215_125348-1024x768.jpg\" alt=\"\" class=\"wp-image-2053\" srcset=\"https:\/\/www.escorpain.fr\/wp-content\/uploads\/2018\/12\/20181215_125348-1024x768.jpg 1024w, https:\/\/www.escorpain.fr\/wp-content\/uploads\/2018\/12\/20181215_125348-300x225.jpg 300w, https:\/\/www.escorpain.fr\/wp-content\/uploads\/2018\/12\/20181215_125348-768x576.jpg 768w\" sizes=\"auto, (max-width: 1024px) 100vw, 1024px\" \/><\/figure>\n\n\n\n<hr class=\"wp-block-separator is-style-wide\"\/>\n\n\n\n<h2 class=\"wp-block-heading\">REPAS DE FIN D&#8217;ANNEE 2017<\/h2>\n\n\n<div id='gallery-1' class='gallery galleryid-348 gallery-columns-1 gallery-size-medium'><figure class='gallery-item'>\n\t\t\t<div class='gallery-icon landscape'>\n\t\t\t\t<a href='https:\/\/www.escorpain.fr\/?attachment_id=1422'><img loading=\"lazy\" decoding=\"async\" width=\"300\" height=\"180\" src=\"https:\/\/www.escorpain.fr\/wp-content\/uploads\/2016\/10\/13240710_583894198438298_6036479402160546657_n-2-300x180.jpg\" class=\"attachment-medium size-medium\" alt=\"\" srcset=\"https:\/\/www.escorpain.fr\/wp-content\/uploads\/2016\/10\/13240710_583894198438298_6036479402160546657_n-2-300x180.jpg 300w, https:\/\/www.escorpain.fr\/wp-content\/uploads\/2016\/10\/13240710_583894198438298_6036479402160546657_n-2-768x461.jpg 768w, https:\/\/www.escorpain.fr\/wp-content\/uploads\/2016\/10\/13240710_583894198438298_6036479402160546657_n-2-1024x614.jpg 1024w, https:\/\/www.escorpain.fr\/wp-content\/uploads\/2016\/10\/13240710_583894198438298_6036479402160546657_n-2.jpg 1600w\" sizes=\"auto, (max-width: 300px) 100vw, 300px\" \/><\/a>\n\t\t\t<\/div><\/figure>\n\t\t<\/div>\n\n<p>\u00a0<\/p>\n<p><strong>Comme chaque ann\u00e9e, le Comit\u00e9 des F\u00eates d&#8217;Escorpain,organise le repas de fin d&#8217;ann\u00e9e qui aura lieu le dimanche 3 d\u00e9cembre au restaurant LE P&#8217;TIT BAR de Saint R\u00e9my sur Avre \u00e0 12h30.<\/strong><\/p>\n<p>Ce repas est offert aux habitants de 65 ans et plus, r\u00e9sidant principalement sur la commune au 1er janvier 2017.<\/p>\n<p>Cependant, le Comit\u00e9 sera heureux d&#8217;accueillir toute personne d\u00e9sirant participer \u00e0 ce repas pour la somme de 25\u20ac par personne pour les Escorpinois et 40\u20ac pour les non Escorpinois.<\/p>\n<p><strong>Inscription avant le vendredi 24 novembre 2017, \u00e0 d\u00e9poser \u00e0 la Mairie d&#8217;Escorpain avec votre r\u00e8glement.<\/strong><\/p>\n<p>Pour des raisons d&#8217;organisation, nous ne pourrons accepter aucune inscription apr\u00e8s le 27 novembre.<\/p>\n<p>\u00a0<\/p>","protected":false},"excerpt":{"rendered":"<p>Merci au comit\u00e9 des f\u00eates pour avoir organis\u00e9 ce repas de fin d&#8217;ann\u00e9e.Une belle pr\u00e9sentation.Beaucoup de travail afin que tout soit parfait.0\u00b0 dehors avec de la pluie vergla\u00e7ante&#8230; quelle bonne id\u00e9e une tartiflette (D\u00e9licieuse)Il n&#8217;y avait qu&#8217;une vingtaine de personnes (dommage&#8230;).On esp\u00e8re tous qu&#8217;il y aura plus d&#8217;Escorpinois l&#8217;ann\u00e9e prochaine. REPAS DE FIN D&#8217;ANNEE 2017 &hellip; <a href=\"https:\/\/www.escorpain.fr\/?page_id=348\" class=\"more-link\">Continuer la lecture de <span class=\"screen-reader-text\">REPAS DE FIN D&#8217;ANNEE 2018<\/span>  <span class=\"meta-nav\">&rarr;<\/span><\/a><\/p>\n","protected":false},"author":1,"featured_media":0,"parent":10,"menu_order":2,"comment_status":"closed","ping_status":"closed","template":"","meta":{"_exactmetrics_skip_tracking":false,"_exactmetrics_sitenote_active":false,"_exactmetrics_sitenote_note":"","_exactmetrics_sitenote_category":0,"_s2mail":"no","footnotes":""},"class_list":["post-348","page","type-page","status-publish","hentry"],"_links":{"self":[{"href":"https:\/\/www.escorpain.fr\/index.php?rest_route=\/wp\/v2\/pages\/348","targetHints":{"allow":["GET"]}}],"collection":[{"href":"https:\/\/www.escorpain.fr\/index.php?rest_route=\/wp\/v2\/pages"}],"about":[{"href":"https:\/\/www.escorpain.fr\/index.php?rest_route=\/wp\/v2\/types\/page"}],"author":[{"embeddable":true,"href":"https:\/\/www.escorpain.fr\/index.php?rest_route=\/wp\/v2\/users\/1"}],"replies":[{"embeddable":true,"href":"https:\/\/www.escorpain.fr\/index.php?rest_route=%2Fwp%2Fv2%2Fcomments&post=348"}],"version-history":[{"count":14,"href":"https:\/\/www.escorpain.fr\/index.php?rest_route=\/wp\/v2\/pages\/348\/revisions"}],"predecessor-version":[{"id":2068,"href":"https:\/\/www.escorpain.fr\/index.php?rest_route=\/wp\/v2\/pages\/348\/revisions\/2068"}],"up":[{"embeddable":true,"href":"https:\/\/www.escorpain.fr\/index.php?rest_route=\/wp\/v2\/pages\/10"}],"wp:attachment":[{"href":"https:\/\/www.escorpain.fr\/index.php?rest_route=%2Fwp%2Fv2%2Fmedia&parent=348"}],"curies":[{"name":"wp","href":"https:\/\/api.w.org\/{rel}","templated":true}]}}